{"id":3393,"date":"2020-04-28T16:47:26","date_gmt":"2020-04-28T21:47:26","guid":{"rendered":"https:\/\/www.jalifecaballero.com\/es\/?page_id=3393"},"modified":"2024-08-14T16:50:33","modified_gmt":"2024-08-14T22:50:33","slug":"alejandra-delgado-gonzalez","status":"publish","type":"page","link":"https:\/\/www.jalifecaballero.com\/es\/alejandra-delgado-gonzalez\/","title":{"rendered":"Alejandra Delgado Gonz\u00e1lez"},"content":{"rendered":"<p>[vc_row 0=&#8221;&#8221;][vc_column width=&#8221;1\/2&#8243;][vc_single_image image=&#8221;2975&#8243; img_size=&#8221;full&#8221; alignment=&#8221;center&#8221; css_animation=&#8221;fadeInUp&#8221;][vc_custom_heading text=&#8221;Perfil&#8221; font_container=&#8221;tag:h3|font_size:22|text_align:left|line_height:28px&#8221; use_theme_fonts=&#8221;yes&#8221; css_animation=&#8221;fadeInLeft&#8221;][vc_column_text 0=&#8221;&#8221; css_animation=&#8221;fadeInLeft&#8221;]Cuenta con una amplia experiencia en el \u00e1rea de creaciones industriales y protecci\u00f3n a la innovaci\u00f3n.<br \/>\nHa ocupado cargos como t\u00e9cnico en invenciones, as\u00ed como directiva del \u00e1rea de invenciones en el \u00e1mbito privado. Labor\u00f3 durante 15 a\u00f1os en el \u00e1rea de farmacia en el Instituto Mexicano de la Propiedad Industrial.<br \/>\nSu experiencia en patentes se ha enfocado en la redacci\u00f3n de solicitudes de patente, modelos de utilidad y modelos industriales (dise\u00f1os y dibujos); b\u00fasquedas del estado de la t\u00e9cnica para opiniones de patentabilidad, as\u00ed como opiniones t\u00e9cnicas en procedimientos de infracci\u00f3n y nulidad de patentes de cualquier \u00e1rea t\u00e9cnica.<br \/>\n[\/vc_column_text][vc_empty_space height=&#8221;30px&#8221;][\/vc_column][vc_column width=&#8221;1\/2&#8243; offset=&#8221;vc_col-lg-6 vc_col-md-6&#8243;][vc_custom_heading source=&#8221;post_title&#8221; font_container=&#8221;tag:h2|font_size:32px|text_align:left|line_height:1em&#8221; use_theme_fonts=&#8221;yes&#8221; css_animation=&#8221;fadeInRight&#8221; css=&#8221;.vc_custom_1579630782847{margin-bottom: 0px !important;}&#8221;][vc_column_text 0=&#8221;&#8221; css_animation=&#8221;fadeInRight&#8221; css=&#8221;.vc_custom_1582661861683{margin-bottom: 0px !important;}&#8221;]Qu\u00edmica f\u00e1rmaco bi\u00f3loga \/ Patentes<br \/>\nLicenciada en Qu\u00edmica Farmac\u00e9utico Bi\u00f3loga[\/vc_column_text][vc_empty_space height=&#8221;10px&#8221;][vc_column_text 0=&#8221;&#8221; css_animation=&#8221;fadeInRight&#8221; css=&#8221;.vc_custom_1582583965917{margin-bottom: 0px !important;}&#8221;]<i class=\"fab fa-linkedin fa-lg\"><\/i><a href=\"#\"> Alejandra Delgado Gonz\u00e1lez<\/a>[\/vc_column_text][vc_empty_space height=&#8221;30px&#8221;][vc_custom_heading text=&#8221;Detalles&#8221; font_container=&#8221;tag:h3|font_size:20px|text_align:left|line_height:1em&#8221; use_theme_fonts=&#8221;yes&#8221; css_animation=&#8221;fadeInRight&#8221; css=&#8221;.vc_custom_1579722428249{margin-top: 0px !important;}&#8221;][vc_column_text 0=&#8221;&#8221; css_animation=&#8221;fadeInRight&#8221;]<span class=\"width110\">Idiomas <\/span><span class=\"width60\">:<\/span> Espa\u00f1ol e Ingl\u00e9s[\/vc_column_text][vc_custom_heading text=&#8221;Estudios&#8221; font_container=&#8221;tag:h3|font_size:20px|text_align:left|line_height:1em&#8221; use_theme_fonts=&#8221;yes&#8221; css_animation=&#8221;fadeInRight&#8221; css=&#8221;.vc_custom_1579722467873{padding-top: 10px !important;}&#8221;][vc_column_text 0=&#8221;&#8221; css_animation=&#8221;fadeInRight&#8221;]Maestr\u00eda en Criminal\u00edstica en el INACIPE.[\/vc_column_text][vc_custom_heading text=&#8221;Cursos &#038; Certificaciones&#8221; font_container=&#8221;tag:h3|font_size:20px|text_align:left|line_height:1em&#8221; use_theme_fonts=&#8221;yes&#8221; css_animation=&#8221;fadeInRight&#8221; css=&#8221;.vc_custom_1579722565633{padding-top: 10px !important;}&#8221;][vc_column_text 0=&#8221;&#8221; css_animation=&#8221;fadeInRight&#8221;]Diplomado:<br \/>\n<i class=\"fa fa-chevron-circle-right\"><\/i> Bioqu\u00edmica y Biolog\u00eda Molecular para la Industria Farmac\u00e9utica y Biotecnol\u00f3gica, en la Facultad de Qu\u00edmica en la UNAM.[\/vc_column_text][vc_column_text 0=&#8221;&#8221; css_animation=&#8221;fadeInRight&#8221;]Cursos:<br \/>\n<i class=\"fa fa-chevron-circle-right\"><\/i> DL-101 Curso General de Propiedad Intelectual Online, impartido online por la WIPO.<br \/>\n<i class=\"fa fa-chevron-circle-right\"><\/i> DL-001 Introducci\u00f3n al Cursillo de Propiedad Intelectual, impartido online por la WIPO.<br \/>\n<i class=\"fa fa-chevron-circle-right\"><\/i> DL 101 PCT: Introducci\u00f3n al Tratado de Cooperaci\u00f3n en materia de Patentes, impartido online por la WIPO.<br \/>\n<i class=\"fa fa-chevron-circle-right\"><\/i> DL-201 Derechos de Autor y Derechos Conexos, impartido online por la WIPO.<br \/>\n<i class=\"fa fa-chevron-circle-right\"><\/i> DL-318 B\u00fasqueda de informaci\u00f3n sobre patentes, impartido online por la WIPO.<br \/>\n<i class=\"fa fa-chevron-circle-right\"><\/i> Jornadas sobre la Patentabilidad de las Invenciones Farmac\u00e9uticas, impartido por el IMPI en cooperaci\u00f3n con la WIPO y la EPO.[\/vc_column_text][vc_column_text 0=&#8221;&#8221; css_animation=&#8221;fadeInRight&#8221;]<br \/>\n<i class=\"fa fa-chevron-circle-right\"><\/i> Patents and Traditional Knowledge and Genetic Resources Policy, impartido por la USPTO.<br \/>\n<i class=\"fa fa-chevron-circle-right\"><\/i> Biotechnology, Pharmaceuticals and Traditional Knowledge and Genetic Resources, impartido por la USPTO.<br \/>\n<i class=\"fa fa-chevron-circle-right\"><\/i> Introducci\u00f3n al sistema de la UPOV de protecci\u00f3n de las variedades vegetales en virtud del Convenio de la UPOV, impartido online por la Uni\u00f3n Internacional para la Protecci\u00f3n de las Obtenciones Vegetales.<br \/>\n<i class=\"fa fa-chevron-circle-right\"><\/i> Curso de Actualizaci\u00f3n farmac\u00e9utica, impartido por Servicios de Salud de Hidalgo \u201cHospital General del Altiplano\u201d.<br \/>\n<i class=\"fa fa-chevron-circle-right\"><\/i> Curso de Inmunolog\u00eda Cl\u00ednica B\u00e1sica, impartido por la Direcci\u00f3n de Ense\u00f1anza y Desarrollo Acad\u00e9mico del Hospital Infantil de M\u00e9xico Federico G\u00f3mez.<br \/>\n<i class=\"fa fa-chevron-circle-right\"><\/i> Curso de farmacogen\u00f3mica, impartido por El Instituto Nacional de Medicina Gen\u00f3mica y el Broad Institute.[\/vc_column_text][\/vc_column][\/vc_row]<\/p>\n","protected":false},"excerpt":{"rendered":"<p>[vc_row 0=&#8221;&#8221;][vc_column width=&#8221;1\/2&#8243;][vc_single_image image=&#8221;2975&#8243; img_size=&#8221;full&#8221; alignment=&#8221;center&#8221; css_animation=&#8221;fadeInUp&#8221;][vc_custom_heading text=&#8221;Perfil&#8221; font_container=&#8221;tag:h3|font_size:22|text_align:left|line_height:28px&#8221; use_theme_fonts=&#8221;yes&#8221; css_animation=&#8221;fadeInLeft&#8221;][vc_column_text 0=&#8221;&#8221; css_animation=&#8221;fadeInLeft&#8221;]Cuenta con una amplia experiencia en el \u00e1rea de creaciones industriales y protecci\u00f3n a la innovaci\u00f3n. Ha ocupado cargos como t\u00e9cnico en invenciones, as\u00ed como directiva del \u00e1rea &#8230;<\/p>\n","protected":false},"author":6,"featured_media":0,"parent":0,"menu_order":3,"comment_status":"closed","ping_status":"closed","template":"","meta":[],"_links":{"self":[{"href":"https:\/\/www.jalifecaballero.com\/es\/wp-json\/wp\/v2\/pages\/3393"}],"collection":[{"href":"https:\/\/www.jalifecaballero.com\/es\/wp-json\/wp\/v2\/pages"}],"about":[{"href":"https:\/\/www.jalifecaballero.com\/es\/wp-json\/wp\/v2\/types\/page"}],"author":[{"embeddable":true,"href":"https:\/\/www.jalifecaballero.com\/es\/wp-json\/wp\/v2\/users\/6"}],"replies":[{"embeddable":true,"href":"https:\/\/www.jalifecaballero.com\/es\/wp-json\/wp\/v2\/comments?post=3393"}],"version-history":[{"count":16,"href":"https:\/\/www.jalifecaballero.com\/es\/wp-json\/wp\/v2\/pages\/3393\/revisions"}],"predecessor-version":[{"id":5085,"href":"https:\/\/www.jalifecaballero.com\/es\/wp-json\/wp\/v2\/pages\/3393\/revisions\/5085"}],"wp:attachment":[{"href":"https:\/\/www.jalifecaballero.com\/es\/wp-json\/wp\/v2\/media?parent=3393"}],"curies":[{"name":"wp","href":"https:\/\/api.w.org\/{rel}","templated":true}]}}